{"id":359,"date":"2021-02-24T13:09:43","date_gmt":"2021-02-24T12:09:43","guid":{"rendered":"https:\/\/maritimasureste.com\/?page_id=359"},"modified":"2021-11-18T18:40:46","modified_gmt":"2021-11-18T17:40:46","slug":"alicante","status":"publish","type":"page","link":"https:\/\/maritimasureste.com\/en\/company\/locations\/alicante\/","title":{"rendered":"Alicante Branch Office"},"content":{"rendered":"\n<div class=\"wp-block-group alignfull highlight expanded\"><div class=\"wp-block-group__inner-container is-layout-flow wp-block-group-is-layout-flow\">\n<h2 class=\"has-text-align-center wp-block-heading\">Commercial branch of Grupo Mar\u00edtima Sureste in Alicante<\/h2>\n\n\n\n<p class=\"has-text-align-center\">In the province of Alicante we provide service to our customers at their locations, travelling whenever they require it.<\/p>\n\n\n\n<p class=\"has-text-align-center\">We offer goods transport services by land, sea and air.<\/p>\n\n\n\n<p class=\"has-text-align-center\">In addition to storage, packing and picking, e-Commerce logistics and distribution in Alicante for companies that need it.<\/p>\n\n\n\n<div class=\"wp-block-image\"><figure class=\"aligncenter size-large\"><img loading=\"lazy\" decoding=\"async\" width=\"1160\" height=\"450\" src=\"https:\/\/maritimasureste.com\/en\/wp-content\/uploads\/sites\/3\/2021\/06\/port-of-alicante-grupo-maritima-sureste-branch-office.jpg\" alt=\"Port of Alicante - Grupo Mar\u00edtima Sureste Branch Office\" class=\"wp-image-1938\" srcset=\"https:\/\/maritimasureste.com\/en\/wp-content\/uploads\/sites\/3\/2021\/06\/port-of-alicante-grupo-maritima-sureste-branch-office.jpg 1160w, https:\/\/maritimasureste.com\/en\/wp-content\/uploads\/sites\/3\/2021\/06\/port-of-alicante-grupo-maritima-sureste-branch-office-340x132.jpg 340w, https:\/\/maritimasureste.com\/en\/wp-content\/uploads\/sites\/3\/2021\/06\/port-of-alicante-grupo-maritima-sureste-branch-office-768x298.jpg 768w\" sizes=\"auto, (max-width: 1160px) 100vw, 1160px\" \/><\/figure><\/div>\n<\/div><\/div>\n\n\n\n<div class=\"wp-block-group datos-contacto\"><div class=\"wp-block-group__inner-container is-layout-flow wp-block-group-is-layout-flow\">\n<span class=\"anchor\" id=\"datos-contacto\"><\/span>\n\n\n\n<div class=\"wp-block-group gcontact\"><div class=\"wp-block-group__inner-container is-layout-flow wp-block-group-is-layout-flow\">\n<h3 class=\"wp-block-heading\">Contact<\/h3>\n\n\n\n<ul class=\"wp-block-list\" id=\"block-e7794b9e-f654-4dcd-81d4-9e7d1d9e6946\"><li>Phone number: Gin\u00e9s Fuentes<br><a href=\"tel:+34636861414\" data-type=\"tel\">(+34) 636 86 14 14<\/a><\/li><li>Email: g.fuentes<span class=\"arroba\"><\/span>marsur.es<\/li><\/ul>\n<\/div><\/div>\n\n\n\n<div class=\"wp-block-group gaddress\"><div class=\"wp-block-group__inner-container is-layout-flow wp-block-group-is-layout-flow\">\n<h3 class=\"wp-block-heading\">Address<\/h3>\n\n\n\n<p>Provincia de Alicante, 03001 &#8211; 03870<br>Comunidad Valenciana<\/p>\n\n\n\n<p><a class=\"rank-math-link\" href=\"https:\/\/www.google.com\/maps?cid=8104602461811934806\" target=\"_blank\" data-type=\"URL\" data-id=\"https:\/\/www.google.com\/maps?cid=8104602461811934806\" rel=\"noreferrer noopener\">View in Google Maps<\/a><\/p>\n<\/div><\/div>\n\n\n\n<div class=\"wp-block-group gtime\"><div class=\"wp-block-group__inner-container is-layout-flow wp-block-group-is-layout-flow\">\n<h3 class=\"wp-block-heading\">Opening hours<\/h3>\n\n\n\n<p>Monday to Friday<br>8:30 to 14:00 &#8211; 16:00 to 19:00<\/p>\n<\/div><\/div>\n\n\n\n<div class=\"wp-block-group gdrive\"><div class=\"wp-block-group__inner-container is-layout-flow wp-block-group-is-layout-flow\">\n<h3 class=\"wp-block-heading\">Request an appointment<\/h3>\n\n\n\n<div class=\"wp-block-buttons is-layout-flex wp-block-buttons-is-layout-flex\">\n<div class=\"wp-block-button marsuricons-arrow\"><a class=\"wp-block-button__link\" href=\"https:\/\/maritimasureste.com\/en\/quote\/\">Make an appointment<\/a><\/div>\n<\/div>\n<\/div><\/div>\n\n\n\n<iframe src=\"https:\/\/www.google.com\/maps\/embed?pb=!1m18!1m12!1m3!1d800164.0565683704!2d-0.9542753916839033!3d38.42666415377964!2m3!1f0!2f0!3f0!3m2!1i1024!2i768!4f13.1!3m3!1m2!1s0x0%3A0x707954ffbe0e8656!2sGrupo%20Mar%C3%ADtima%20Sureste%20%7C%20Alicante!5e0!3m2!1ses!2ses!4v1622565019295!5m2!1ses!2ses\" height=\"350\" loading=\"lazy\"><\/iframe>\n<\/div><\/div>\n\n\n\n<div class=\"wp-block-group alignfull highlight service-grid\"><div class=\"wp-block-group__inner-container is-layout-flow wp-block-group-is-layout-flow\">\n<h2 class=\"has-text-align-center wp-block-heading\">Freight forwarding, logistics and customs services in the Valencian Community<\/h2>\n\n\n\n<div class=\"wp-block-columns are-vertically-aligned-center is-layout-flex wp-container-core-columns-is-layout-9d6595d7 wp-block-columns-is-layout-flex\">\n<div class=\"wp-block-column is-vertically-aligned-center is-layout-flow wp-block-column-is-layout-flow\" style=\"flex-basis:33%\">\n<h3 class=\"wp-block-heading\"><a href=\"https:\/\/maritimasureste.com\/en\/land\/\" data-type=\"page\" data-id=\"33\">Land transport of goods<\/a><\/h3>\n\n\n\n<p>We ship goods both nationally and internationally by road, both by full truck and in groupage.<\/p>\n<\/div>\n\n\n\n<div class=\"wp-block-column is-vertically-aligned-center is-layout-flow wp-block-column-is-layout-flow\" style=\"flex-basis:33%\">\n<h3 class=\"wp-block-heading\"><a href=\"https:\/\/maritimasureste.com\/en\/sea\/container\/\" data-type=\"page\" data-id=\"106\">International Container Shipping<\/a><\/h3>\n\n\n\n<p>We ship and receive goods from the Port of Alicante for any type of cargo and destination.<\/p>\n<\/div>\n\n\n\n<div class=\"wp-block-column is-vertically-aligned-center is-layout-flow wp-block-column-is-layout-flow\" style=\"flex-basis:33%\">\n<h3 class=\"wp-block-heading\"><a href=\"https:\/\/maritimasureste.com\/en\/air\/\" data-type=\"page\" data-id=\"34\">Transport of goods by airfreight<\/a><\/h3>\n\n\n\n<p>We carry out shipments and receptions of goods travelling by air with Alicante airport as destination or origin.<\/p>\n<\/div>\n<\/div>\n\n\n\n<div class=\"wp-block-columns are-vertically-aligned-center is-layout-flex wp-container-core-columns-is-layout-9d6595d7 wp-block-columns-is-layout-flex\">\n<div class=\"wp-block-column is-vertically-aligned-center is-layout-flow wp-block-column-is-layout-flow\" style=\"flex-basis:33%\">\n<h3 class=\"wp-block-heading\"><a href=\"https:\/\/maritimasureste.com\/en\/land\/dangerous-goods\/\" data-type=\"page\" data-id=\"72\">Transport of dangerous goods<\/a><\/h3>\n\n\n\n<p>We carry out shipments and transfers of dangerous goods ADR. This service includes loading, unloading, packaging and storage.<\/p>\n<\/div>\n\n\n\n<div class=\"wp-block-column is-vertically-aligned-center is-layout-flow wp-block-column-is-layout-flow\" style=\"flex-basis:33%\">\n<h3 class=\"wp-block-heading\"><a href=\"https:\/\/maritimasureste.com\/en\/land\/exceptional\/\" data-type=\"page\" data-id=\"71\">Exceptional road transport in Alicante<\/a><\/h3>\n\n\n\n<p>We carry out movements of oversized loads by road, coordinating the entire logistics service.<\/p>\n<\/div>\n\n\n\n<div class=\"wp-block-column is-layout-flow wp-block-column-is-layout-flow\" style=\"flex-basis:33%\">\n<h3 class=\"wp-block-heading\"><a href=\"https:\/\/maritimasureste.com\/en\/customs\/customs-brokers\/\" data-type=\"page\" data-id=\"343\">Centralised customs clearance<\/a><\/h3>\n\n\n\n<p>As Authorised Economic Operators we can carry out centralised customs clearance in Alicante.<\/p>\n<\/div>\n<\/div>\n<\/div><\/div>\n\n\n\n<div style=\"height:24px\" aria-hidden=\"true\" class=\"wp-block-spacer\"><\/div>\n\n\n\n<h2 class=\"has-text-align-center wp-block-heading\">Our other locations<\/h2>\n\n\n\n<p class=\"has-text-align-center\">Come and visit our offices and branches to see what we can do for you.<\/p>\n\n\n<div class=\"cards-listing\"><div class=\"card-item\"><div class=\"content\"><h3 class=\"card-title ez-toc-exclude-headings\"><a href=\"https:\/\/maritimasureste.com\/en\/company\/locations\/head-office\/\">Head Office in Murcia<\/a><\/h3> <span class=\"excerpt\">Head office of Grupo Mar\u00edtima Sureste in the Region of Murcia, located in El Estrecho de Fuente \u00c1lamo. Head office.<\/span><\/div><a class=\"image\" href=\"https:\/\/maritimasureste.com\/en\/company\/locations\/head-office\/\" title=\"Head Office\"><img loading=\"lazy\" decoding=\"async\" width=\"340\" height=\"200\" src=\"https:\/\/maritimasureste.com\/en\/wp-content\/uploads\/sites\/3\/2021\/04\/central-headquarters-in-el-estrecho-de-fuente-alamo-grupo-maritima-sureste-340x200.jpg\" class=\"attachment-medium size-medium wp-post-image\" alt=\"Central headquarters in El Estrecho de Fuente \u00c1lamo - Grupo Mar\u00edtima Sureste\" srcset=\"https:\/\/maritimasureste.com\/en\/wp-content\/uploads\/sites\/3\/2021\/04\/central-headquarters-in-el-estrecho-de-fuente-alamo-grupo-maritima-sureste-340x200.jpg 340w, https:\/\/maritimasureste.com\/en\/wp-content\/uploads\/sites\/3\/2021\/04\/central-headquarters-in-el-estrecho-de-fuente-alamo-grupo-maritima-sureste-768x451.jpg 768w, https:\/\/maritimasureste.com\/en\/wp-content\/uploads\/sites\/3\/2021\/04\/central-headquarters-in-el-estrecho-de-fuente-alamo-grupo-maritima-sureste.jpg 920w\" sizes=\"auto, (max-width: 340px) 100vw, 340px\" \/><\/a> <\/div><div class=\"card-item\"><div class=\"content\"><h3 class=\"card-title ez-toc-exclude-headings\"><a href=\"https:\/\/maritimasureste.com\/en\/company\/locations\/murcia\/\">Logistics Warehouse Murcia<\/a><\/h3> <span class=\"excerpt\">Logistics warehouse located in the Nonduermas intermodal freight station in Murcia.<\/span><\/div><a class=\"image\" href=\"https:\/\/maritimasureste.com\/en\/company\/locations\/murcia\/\" title=\"Logistics Warehouse in Murcia\"><img loading=\"lazy\" decoding=\"async\" width=\"340\" height=\"200\" src=\"https:\/\/maritimasureste.com\/en\/wp-content\/uploads\/sites\/3\/2021\/04\/logistics-warehouse-located-at-the-nonduermas-rail-freight-terminal-in-murcia-maritima-sureste-340x200.jpg\" class=\"attachment-medium size-medium wp-post-image\" alt=\"Logistics warehouse located at the Nonduermas rail freight terminal in Murcia - Maritima Sureste\" srcset=\"https:\/\/maritimasureste.com\/en\/wp-content\/uploads\/sites\/3\/2021\/04\/logistics-warehouse-located-at-the-nonduermas-rail-freight-terminal-in-murcia-maritima-sureste-340x200.jpg 340w, https:\/\/maritimasureste.com\/en\/wp-content\/uploads\/sites\/3\/2021\/04\/logistics-warehouse-located-at-the-nonduermas-rail-freight-terminal-in-murcia-maritima-sureste-768x451.jpg 768w, https:\/\/maritimasureste.com\/en\/wp-content\/uploads\/sites\/3\/2021\/04\/logistics-warehouse-located-at-the-nonduermas-rail-freight-terminal-in-murcia-maritima-sureste.jpg 920w\" sizes=\"auto, (max-width: 340px) 100vw, 340px\" \/><\/a> <\/div><div class=\"card-item\"><div class=\"content\"><h3 class=\"card-title ez-toc-exclude-headings\"><a href=\"https:\/\/maritimasureste.com\/en\/company\/locations\/valencia\/\">Almac\u00e9n log\u00edstico Valencia<\/a><\/h3> <span class=\"excerpt\">Almac\u00e9n log\u00edstico de mercanc\u00edas ubicado en Quart de Poblet, pr\u00f3ximo al aeropuerto de Valencia.<\/span><\/div><a class=\"image\" href=\"https:\/\/maritimasureste.com\/en\/company\/locations\/valencia\/\" title=\"Logistics warehouse in Valencia\"><img loading=\"lazy\" decoding=\"async\" width=\"340\" height=\"200\" src=\"https:\/\/maritimasureste.com\/en\/wp-content\/uploads\/sites\/3\/2023\/09\/Almacen-Logistico-Cheste-Valencia-Grupo-Maritima-Sureste-340x200.jpg\" class=\"attachment-medium size-medium wp-post-image\" alt=\"-\" srcset=\"https:\/\/maritimasureste.com\/en\/wp-content\/uploads\/sites\/3\/2023\/09\/Almacen-Logistico-Cheste-Valencia-Grupo-Maritima-Sureste-340x200.jpg 340w, https:\/\/maritimasureste.com\/en\/wp-content\/uploads\/sites\/3\/2023\/09\/Almacen-Logistico-Cheste-Valencia-Grupo-Maritima-Sureste-768x451.jpg 768w, https:\/\/maritimasureste.com\/en\/wp-content\/uploads\/sites\/3\/2023\/09\/Almacen-Logistico-Cheste-Valencia-Grupo-Maritima-Sureste.jpg 920w\" sizes=\"auto, (max-width: 340px) 100vw, 340px\"><\/a> <\/div><\/div>\n\n\n\n<div class=\"wp-block-buttons alignwide is-content-justification-center is-layout-flex wp-block-buttons-is-layout-flex\">\n<div class=\"wp-block-button is-style-fill\"><a class=\"wp-block-button__link\" href=\"https:\/\/maritimasureste.com\/en\/company\/locations\/\">See all our locations<\/a><\/div>\n<\/div>\n","protected":false},"excerpt":{"rendered":"<p>Provincial office in Alicante of Grupo Mar\u00edtima Sureste with service throughout the Valencian Community. We offer freight forwarding and goods transport services.<\/p>\n","protected":false},"author":1,"featured_media":960,"parent":354,"menu_order":5,"comment_status":"closed","ping_status":"closed","template":"page-templates\/hero.php","meta":{"_acf_changed":false,"_genesis_hide_title":false,"_genesis_hide_breadcrumbs":false,"_genesis_hide_singular_image":false,"_genesis_hide_footer_widgets":false,"_genesis_custom_body_class":"","_genesis_custom_post_class":"","_genesis_layout":"","footnotes":""},"class_list":{"0":"post-359","1":"page","2":"type-page","3":"status-publish","4":"has-post-thumbnail","6":"entry"},"acf":[],"amp_enabled":true,"_links":{"self":[{"href":"https:\/\/maritimasureste.com\/en\/wp-json\/wp\/v2\/pages\/359","targetHints":{"allow":["GET"]}}],"collection":[{"href":"https:\/\/maritimasureste.com\/en\/wp-json\/wp\/v2\/pages"}],"about":[{"href":"https:\/\/maritimasureste.com\/en\/wp-json\/wp\/v2\/types\/page"}],"author":[{"embeddable":true,"href":"https:\/\/maritimasureste.com\/en\/wp-json\/wp\/v2\/users\/1"}],"replies":[{"embeddable":true,"href":"https:\/\/maritimasureste.com\/en\/wp-json\/wp\/v2\/comments?post=359"}],"version-history":[{"count":34,"href":"https:\/\/maritimasureste.com\/en\/wp-json\/wp\/v2\/pages\/359\/revisions"}],"predecessor-version":[{"id":2889,"href":"https:\/\/maritimasureste.com\/en\/wp-json\/wp\/v2\/pages\/359\/revisions\/2889"}],"up":[{"embeddable":true,"href":"https:\/\/maritimasureste.com\/en\/wp-json\/wp\/v2\/pages\/354"}],"wp:featuredmedia":[{"embeddable":true,"href":"https:\/\/maritimasureste.com\/en\/wp-json\/wp\/v2\/media\/960"}],"wp:attachment":[{"href":"https:\/\/maritimasureste.com\/en\/wp-json\/wp\/v2\/media?parent=359"}],"curies":[{"name":"wp","href":"https:\/\/api.w.org\/{rel}","templated":true}]}}